{"id":829,"date":"2016-10-11T18:11:53","date_gmt":"2016-10-11T18:11:53","guid":{"rendered":"http:\/\/municipiodenuevahelvecia.com\/?page_id=829"},"modified":"2016-10-11T19:08:58","modified_gmt":"2016-10-11T19:08:58","slug":"cementerio-evangelico","status":"publish","type":"page","link":"https:\/\/municipiodenuevahelvecia.com\/?page_id=829","title":{"rendered":"Cementerio Evang\u00e9lico"},"content":{"rendered":"<p>Clasificaci\u00f3n: Monumento<\/p>\n<p>Direcci\u00f3n: En el predio del Templo Evang\u00e9lico<\/p>\n<p>Fecha de fundaci\u00f3n: 1863<\/p>\n<p>Su particularidad fue que al igual que la Primer Capilla en principio fue ecum\u00e9nico, ya que asi lo requer\u00edan los dif\u00edciles comienzos. Con el pasar del tiempo al surgir dificultades entre las dos comunidades religiosas se transforma en manzana de la discordia. Sucediendo curiosidades como que en un momento un muro de 6 pies de alto divide por la mitad el cementerio estando cat\u00f3licos a la izquierda y protestantes a la derecha con entradas independientes. En 1876 se concreta la definitiva separaci\u00f3n del cementerio.\u00a0 Entre varias, dos tumbas se destacan: la de F. Bion que muri\u00f3 fusilado (1864) y la de Feliciano Corepa (1874) cacique araucano enterrado debajo de un almezo y presentando una lapida de agradecimiento por parte de sus patrones, los ingleses de la estancia las Barrancas Coloradas.\u00a0 El templo y cementerio forman parte de lo que se conoce como el Complejo de la Congregaci\u00f3n Evang\u00e9lica.<\/p>\n<p><a href=\"http:\/\/municipiodenuevahelvecia.com\/wp-content\/uploads\/2016\/10\/Sin-t\u00edtulo.jpg\"><img decoding=\"async\" loading=\"lazy\" class=\"aligncenter size-large wp-image-830\" alt=\"\" src=\"http:\/\/municipiodenuevahelvecia.com\/wp-content\/uploads\/2016\/10\/Sin-t\u00edtulo-1024x768.jpg\" width=\"530\" height=\"397\" srcset=\"https:\/\/municipiodenuevahelvecia.com\/wp-content\/uploads\/2016\/10\/Sin-t\u00edtulo-1024x768.jpg 1024w, https:\/\/municipiodenuevahelvecia.com\/wp-content\/uploads\/2016\/10\/Sin-t\u00edtulo-400x300.jpg 400w, https:\/\/municipiodenuevahelvecia.com\/wp-content\/uploads\/2016\/10\/Sin-t\u00edtulo.jpg 1234w\" sizes=\"(max-width: 530px) 100vw, 530px\" \/><\/a><\/p>\n<p style=\"text-align: center;\"><strong>Proyecto de 3\u00ba de Bachillerato de Turismo: Facundo Casco, Mar\u00eda Touriz, Gabriel Medero, Mara Hern\u00e1ndez, Santiago Miner.<\/strong><\/p>\n","protected":false},"excerpt":{"rendered":"<p>Clasificaci\u00f3n: Monumento Direcci\u00f3n: En el predio del Templo Evang\u00e9lico Fecha de fundaci\u00f3n: 1863 Su particularidad fue que al igual que la Primer Capilla en principio fue ecum\u00e9nico, ya que asi lo requer\u00edan los dif\u00edciles comienzos. Con el pasar del tiempo al surgir dificultades entre las dos comunidades religiosas se transforma en manzana de la discordia. [&hellip;]<\/p>\n","protected":false},"author":8,"featured_media":0,"parent":784,"menu_order":0,"comment_status":"open","ping_status":"closed","template":"","meta":[],"_links":{"self":[{"href":"https:\/\/municipiodenuevahelvecia.com\/index.php?rest_route=\/wp\/v2\/pages\/829"}],"collection":[{"href":"https:\/\/municipiodenuevahelvecia.com\/index.php?rest_route=\/wp\/v2\/pages"}],"about":[{"href":"https:\/\/municipiodenuevahelvecia.com\/index.php?rest_route=\/wp\/v2\/types\/page"}],"author":[{"embeddable":true,"href":"https:\/\/municipiodenuevahelvecia.com\/index.php?rest_route=\/wp\/v2\/users\/8"}],"replies":[{"embeddable":true,"href":"https:\/\/municipiodenuevahelvecia.com\/index.php?rest_route=%2Fwp%2Fv2%2Fcomments&post=829"}],"version-history":[{"count":2,"href":"https:\/\/municipiodenuevahelvecia.com\/index.php?rest_route=\/wp\/v2\/pages\/829\/revisions"}],"predecessor-version":[{"id":931,"href":"https:\/\/municipiodenuevahelvecia.com\/index.php?rest_route=\/wp\/v2\/pages\/829\/revisions\/931"}],"up":[{"embeddable":true,"href":"https:\/\/municipiodenuevahelvecia.com\/index.php?rest_route=\/wp\/v2\/pages\/784"}],"wp:attachment":[{"href":"https:\/\/municipiodenuevahelvecia.com\/index.php?rest_route=%2Fwp%2Fv2%2Fmedia&parent=829"}],"curies":[{"name":"wp","href":"https:\/\/api.w.org\/{rel}","templated":true}]}}